{"id":18389,"date":"2021-01-11T05:30:18","date_gmt":"2021-01-11T04:30:18","guid":{"rendered":"https:\/\/finca-casa-mas.com\/?page_id=18389"},"modified":"2025-12-01T10:02:52","modified_gmt":"2025-12-01T09:02:52","slug":"faq","status":"publish","type":"page","link":"https:\/\/finca-casa-mas.com\/es\/faq\/","title":{"rendered":"Preguntas frecuentes"},"content":{"rendered":"<p><section class=\"kc-elm kc-css-962184 kc_row\"><div class=\"kc-row-container  kc-container\"><div class=\"kc-wrap-columns\"><div class=\"kc-elm kc-css-400453 kc_col-sm-12 kc_column kc_col-sm-12\"><div class=\"kc-col-container\"><div class=\"kc-elm kc-css-322809\" style=\"height: 50px; clear: both; width:100%;\"><\/div>\n<div class=\"element-block-heading style-center\">\n\t<div class=\"inner\">\t\n\t\t\n\t\t\t\t\t<h2 class=\"heading\">Aqu\u00ed encontrar\u00e1 las respuestas a las preguntas m\u00e1s frecuentes.<\/h2>\n\t\t\n\t\t\t\t\t<p class=\"description\">Si todav\u00eda tiene preguntas sin responder, por favor, \u00a1no dude en ponerse en contacto con nosotros en cualquier momento!<\/p>\n\t\t\t<\/div>\n<\/div>\t\t<\/div><\/div><\/div><\/div><\/section><section id=\"Allgemein\" class=\"kc-elm kc-css-98712 kc_row\"><div class=\"kc-row-container  kc-container\"><div class=\"kc-wrap-columns\"><div class=\"kc-elm kc-css-845088 kc_col-sm-12 kc_column kc_col-sm-12\"><div class=\"kc-col-container\">\n<div class=\"element-block-heading style-center\">\n\t<div class=\"inner\">\t\n\t\t\n\t\t\t\t\t<h2 class=\"heading\">Preguntas generales<\/h2>\n\t\t\n\t\t\t<\/div>\n<\/div>\t\t<div data-closeall=\"true\" class=\"kc-elm kc-css-801421 kc_accordion_wrapper kc_accordion_section_v1\">\n<div class=\"kc-elm kc-css-261731 kc_accordion_section group \"><h3 class=\"kc_accordion_header ui-accordion-header\"><span class=\"ui-accordion-header-icon ui-icon\"><\/span><a href=\"#cual-es-la-ocupacion-maxima-de-la-finca\" data-prevent=\"scroll\"><i class=\"\"><\/i> \u00bfCu\u00e1l es la ocup\u00e1cion m\u00e1xima de la finca? <\/a><\/h3><div class=\"kc_accordion_content ui-accordion-content kc_clearfix\"><div class=\"kc-panel-body\"><div class=\"kc-elm kc-css-614997 kc_text_block\"><\/p>\n<p>Todas las habitaciones tienen camas de matrimonio, con una capacidad m\u00e1xima para<strong>\u00a08 personas<\/strong>\u00a0en toda la finca.<\/p>\n<p>Los dormitorios son lo suficientemente espaciosos como para adem\u00e1s instalar una cuna de beb\u00e9 (<strong>hasta 2 a\u00f1os de edad<\/strong>). A su disposici\u00f3n tenemos <strong>2 cunas<\/strong>, o alternativamente, <strong>una rejilla de cama<\/strong> para una de las camas de matrimonioas\u00ed como <strong>2 tronas de forma gratuita<\/strong>.<\/p>\n<p>La habitaci\u00f3n 1 tambi\u00e9n tiene un\u00a0<strong>sof\u00e1 extra\u00edble<\/strong>\u00a0de 120 cm de ancho, en el que pueden dormir un\u00a0<strong>adulto o dos ni\u00f1os.<\/strong><\/p>\n<p>\n<\/div><\/div><\/div><\/div><div class=\"kc-elm kc-css-473220 kc_accordion_section group \"><h3 class=\"kc_accordion_header ui-accordion-header\"><span class=\"ui-accordion-header-icon ui-icon\"><\/span><a href=\"#la-finca-es-adecuada-para-ninos-y-familias\" data-prevent=\"scroll\"><i class=\"\"><\/i> \u00bfLa finca es adecuada para ni\u00f1os y familias?<\/a><\/h3><div class=\"kc_accordion_content ui-accordion-content kc_clearfix\"><div class=\"kc-panel-body\"><div class=\"kc-elm kc-css-819798 kc_text_block\"><\/p>\n<p>Nuestra finca es adecuada para <strong>familias y ni\u00f1os<\/strong>, pero no est\u00e1 concebida con mecanismos de seguridad para los m\u00e1s peque\u00f1os.<\/p>\n<p>\n<\/div><\/div><\/div><\/div><div class=\"kc-elm kc-css-785160 kc_accordion_section group \"><h3 class=\"kc_accordion_header ui-accordion-header\"><span class=\"ui-accordion-header-icon ui-icon\"><\/span><a href=\"#el-alojamiento-es-apto-para-sillas-de-ruedas\" data-prevent=\"scroll\"><i class=\"\"><\/i> \u00bfEl alojamiento es apto para sillas de ruedas?<\/a><\/h3><div class=\"kc_accordion_content ui-accordion-content kc_clearfix\"><div class=\"kc-panel-body\"><div class=\"kc-elm kc-css-72632 kc_text_block\"><\/p>\n<p>La Finca est\u00e1 en su\u00a0<strong>mayor\u00eda en un nivel<\/strong>, con algunos peque\u00f1os umbrales entre la casa y la terraza y las escaleras hacia la piscina. Nuestras puertas tienen 70 u 80 cm de ancho.<\/p>\n<p>\n<\/div><\/div><\/div><\/div><div class=\"kc-elm kc-css-716964 kc_accordion_section group \"><h3 class=\"kc_accordion_header ui-accordion-header\"><span class=\"ui-accordion-header-icon ui-icon\"><\/span><a href=\"#tengo-que-llevar-toallas-toallas-de-piscina-o-ropa-de-cama\" data-prevent=\"scroll\"><i class=\"\"><\/i> \u00bfTengo que llevar toallas, toallas de piscina o ropa de cama? <\/a><\/h3><div class=\"kc_accordion_content ui-accordion-content kc_clearfix\"><div class=\"kc-panel-body\"><div class=\"kc-elm kc-css-915068 kc_text_block\"><\/p>\n<p><strong>No.<\/strong> Nosotros le proporcionamos tanto toallas de ba\u00f1o, como de playa y piscina y ropa de cama.<\/p>\n<p>\n<\/div><\/div><\/div><\/div><div class=\"kc-elm kc-css-513595 kc_accordion_section group \"><h3 class=\"kc_accordion_header ui-accordion-header\"><span class=\"ui-accordion-header-icon ui-icon\"><\/span><a href=\"#quien-es-nuestra-persona-de-contacto-en-el-lugar\" data-prevent=\"scroll\"><i class=\"\"><\/i> \u00bfQui\u00e9n es nuestra persona de contacto en el lugar?<\/a><\/h3><div class=\"kc_accordion_content ui-accordion-content kc_clearfix\"><div class=\"kc-panel-body\"><div class=\"kc-elm kc-css-5762 kc_text_block\"><\/p>\n<p>Nuestra <strong>se\u00f1ora de la casa<\/strong> le dar\u00e1 la bienvenida a la Finca y ser\u00e1 su persona de contacto durante su estancia.<\/p>\n<p>\n<\/div><\/div><\/div><\/div><div class=\"kc-elm kc-css-428651 kc_accordion_section group \"><h3 class=\"kc_accordion_header ui-accordion-header\"><span class=\"ui-accordion-header-icon ui-icon\"><\/span><a href=\"#la-finca-dispone-de-una-licencia-legal-de-alquiler\" data-prevent=\"scroll\"><i class=\"\"><\/i> \u00bfLa finca dispone de una licencia legal de alquiler?<\/a><\/h3><div class=\"kc_accordion_content ui-accordion-content kc_clearfix\"><div class=\"kc-panel-body\"><div class=\"kc-elm kc-css-622836 kc_text_block\"><\/p>\n<p>S\u00ed, la Finca Casa Mas dispone del N\u00b0 ETV\/4833, as\u00ed como del nuevo n\u00famero de registro para el alquiler de corta duraci\u00f3n. Ver foto:\u00a0<\/p>\n<p><img decoding=\"async\" loading=\"lazy\" class=\"alignnone size-medium\" src=\"https:\/\/finca-casa-mas.com\/wp-content\/uploads\/2025\/12\/image003-2.png\" alt=\"\" width=\"760\" height=\"111\" \/><\/p>\n<p>\n<\/div><\/div><\/div><\/div><\/div>\n<\/div><\/div><\/div><\/div><\/section><section id=\"Buchung\" class=\"kc-elm kc-css-214597 kc_row\"><div class=\"kc-row-container  kc-container\"><div class=\"kc-wrap-columns\"><div class=\"kc-elm kc-css-173604 kc_col-sm-12 kc_column kc_col-sm-12\"><div class=\"kc-col-container\">\n<div class=\"element-block-heading style-center\">\n\t<div class=\"inner\">\t\n\t\t\n\t\t\t\t\t<h2 class=\"heading\">PREGUNTAS SOBRE LA RESERVA<\/h2>\n\t\t\n\t\t\t<\/div>\n<\/div>\t\t<div data-closeall=\"true\" class=\"kc-elm kc-css-596998 kc_accordion_wrapper kc_accordion_section_v1\">\n<div class=\"kc-elm kc-css-260016 kc_accordion_section group \"><h3 class=\"kc_accordion_header ui-accordion-header\"><span class=\"ui-accordion-header-icon ui-icon\"><\/span><a href=\"#quien-es-nuestra-persona-de-contacto-para-las-reservas\" data-prevent=\"scroll\"><i class=\"\"><\/i> \u00bfQui\u00e9n es nuestra persona de contacto para las reservas?<\/a><\/h3><div class=\"kc_accordion_content ui-accordion-content kc_clearfix\"><div class=\"kc-panel-body\"><div class=\"kc-elm kc-css-813207 kc_text_block\"><\/p>\n<p><strong>El propietario de la finca<\/strong> es su persona de contacto para consultas y reservas.<\/p>\n<p><a href=\"mailto:info@finca-casa-mas.com\">Contacto<\/a><\/p>\n<p>\n<\/div><\/div><\/div><\/div><div class=\"kc-elm kc-css-51638 kc_accordion_section group \"><h3 class=\"kc_accordion_header ui-accordion-header\"><span class=\"ui-accordion-header-icon ui-icon\"><\/span><a href=\"#como-es-el-proceso-para-una-solicitud-de-reserva\" data-prevent=\"scroll\"><i class=\"\"><\/i> \u00bfC\u00f3mo es el proceso para una solicitud de reserva?<\/a><\/h3><div class=\"kc_accordion_content ui-accordion-content kc_clearfix\"><div class=\"kc-panel-body\"><div class=\"kc-elm kc-css-397151 kc_text_block\"><\/p>\n<p>Despu\u00e9s de hacer una <strong>solicitud de reserva<\/strong>, nos pondremos en contacto con usted lo antes posible.<\/p>\n<p>\n<\/div><\/div><\/div><\/div><div class=\"kc-elm kc-css-229657 kc_accordion_section group \"><h3 class=\"kc_accordion_header ui-accordion-header\"><span class=\"ui-accordion-header-icon ui-icon\"><\/span><a href=\"#cual-es-el-numero-minimo-de-noches-que-se-debe-reservar-la-finca\" data-prevent=\"scroll\"><i class=\"\"><\/i> \u00bfCu\u00e1l es el n\u00famero m\u00ednimo de noches que se debe reservar la finca? <\/a><\/h3><div class=\"kc_accordion_content ui-accordion-content kc_clearfix\"><div class=\"kc-panel-body\"><div class=\"kc-elm kc-css-966693 kc_text_block\"><\/p>\n<p><strong>En temporada alta<\/strong>, la finca s\u00f3lo que se puede reservar a partir de <strong>7 noches<\/strong>, <strong>en temporada baja<\/strong> a partir de <strong>4 noches<\/strong>, excepto en Navidad y en Semana Santa.<\/p>\n<p>\n<\/div><\/div><\/div><\/div><div class=\"kc-elm kc-css-677697 kc_accordion_section group \"><h3 class=\"kc_accordion_header ui-accordion-header\"><span class=\"ui-accordion-header-icon ui-icon\"><\/span><a href=\"#cual-es-la-politica-de-cancelacion\" data-prevent=\"scroll\"><i class=\"\"><\/i> \u00bfCu\u00e1l es la pol\u00edtica de cancelaci\u00f3n?<\/a><\/h3><div class=\"kc_accordion_content ui-accordion-content kc_clearfix\"><div class=\"kc-panel-body\"><div class=\"kc-elm kc-css-488867 kc_text_block\"><\/p>\n<p>En caso de cancelaci\u00f3n despu\u00e9s de la reserva, el hu\u00e9sped <strong>pagar\u00e1 el 30% del precio total<\/strong>. (Es decir, el dep\u00f3sito del 30% abonado en el momento de la reserva.)<\/p>\n<p>En caso de <strong>cancelaci\u00f3n hasta 1 mes antes<\/strong> de la llegada, el <strong>precio completo<\/strong> deber\u00e1 ser abonado.<\/p>\n<p>En cualquier caso, recomendamos tener un <strong>seguro de cancelaci\u00f3n<\/strong>.<\/p>\n<p>Debido a la actual situaci\u00f3n de COVID-19, hay <a href=\"https:\/\/finca-casa-mas.com\/es\/preise\/#Buchungskonditionen\">condiciones especiales de cancelaci\u00f3n<\/a><\/p>\n<p>\n<\/div><\/div><\/div><\/div><div class=\"kc-elm kc-css-258112 kc_accordion_section group \"><h3 class=\"kc_accordion_header ui-accordion-header\"><span class=\"ui-accordion-header-icon ui-icon\"><\/span><a href=\"#se-requiere-un-deposito\" data-prevent=\"scroll\"><i class=\"\"><\/i> \u00bfSe requiere un dep\u00f3sito?<\/a><\/h3><div class=\"kc_accordion_content ui-accordion-content kc_clearfix\"><div class=\"kc-panel-body\"><div class=\"kc-elm kc-css-25963 kc_text_block\"><\/p>\n<p><strong>S\u00ed<\/strong>, se requiere un dep\u00f3sito de <strong>500 euros<\/strong> con el pago final. Si no hubiese da\u00f1os en la propiedad, se devolver\u00eda el importe en los siguientes 14 d\u00edas despu\u00e9s de la salida.<\/p>\n<p>En el caso de que s\u00ed los hubiese, estos ser\u00e1n cubiertos total o parcialmente por el dep\u00f3sito, dependiendo la envergadura de los mismos.<\/p>\n<p>\n<\/div><\/div><\/div><\/div><\/div>\n<\/div><\/div><\/div><\/div><\/section><section id=\"Corona\" class=\"kc-elm kc-css-844010 kc_row\"><div class=\"kc-row-container  kc-container\"><div class=\"kc-wrap-columns\"><div class=\"kc-elm kc-css-643476 kc_col-sm-12 kc_column kc_col-sm-12\"><div class=\"kc-col-container\">\n<div class=\"element-block-heading style-center\">\n\t<div class=\"inner\">\t\n\t\t\n\t\t\t\t\t<h2 class=\"heading\">PREGUNTAS SOBRE LA RESERVA<\/h2>\n\t\t\n\t\t\t<\/div>\n<\/div>\t\t<div data-closeall=\"true\" class=\"kc-elm kc-css-9945 kc_accordion_wrapper kc_accordion_section_v1\">\n<div class=\"kc-elm kc-css-254113 kc_accordion_section group \"><h3 class=\"kc_accordion_header ui-accordion-header\"><span class=\"ui-accordion-header-icon ui-icon\"><\/span><a href=\"#que-pasa-si-debido-a-covid-19-no-puedo-viajar\" data-prevent=\"scroll\"><i class=\"\"><\/i> \u00bfQu\u00e9 pasa si, debido a COVID-19, no puedo viajar?<\/a><\/h3><div class=\"kc_accordion_content ui-accordion-content kc_clearfix\"><div class=\"kc-panel-body\"><div class=\"kc-elm kc-css-974263 kc_text_block\"><\/p>\n<p>Dado que los viajes son impredecibles en estos tiempos, cualquier reserva hecha para 2022 puede ser <strong>cambiada a una fecha posterior sin cargo alguno<\/strong> bajo las siguientes condiciones:<\/p>\n<ul>\n<li>Enfermedad por Corona de alguno de los hu\u00e9spedes antes de la salida.<\/li>\n<li>Prohibici\u00f3n de viaje dictada por el gobierno (no incluye advertencia de viaje).<\/li>\n<li>Cancelaci\u00f3n de vuelo sin otra alternativa ofrecida por la aerol\u00ednea en cuesti\u00f3n.<\/li>\n<li>Orden restrictiva de la libertad de movimiento en Mallorca, ordenada por el gobierno espa\u00f1ol.<\/li>\n<\/ul>\n<p>Por favor, entienda que <strong>no podemos hacer una cancelaci\u00f3n gratuita<\/strong>.<\/p>\n<p>En cualquier caso, recomendamos tener un <strong>seguro de cancelaci\u00f3n<\/strong>.<\/p>\n<p>\n<\/div><\/div><\/div><\/div><\/div>\n<\/div><\/div><\/div><\/div><\/section><section id=\"Anreise\" class=\"kc-elm kc-css-532986 kc_row\"><div class=\"kc-row-container  kc-container\"><div class=\"kc-wrap-columns\"><div class=\"kc-elm kc-css-565309 kc_col-sm-12 kc_column kc_col-sm-12\"><div class=\"kc-col-container\">\n<div class=\"element-block-heading style-center\">\n\t<div class=\"inner\">\t\n\t\t\n\t\t\t\t\t<h2 class=\"heading\">Preguntas sobre llegada y salida<\/h2>\n\t\t\n\t\t\t<\/div>\n<\/div>\t\t<div data-closeall=\"true\" class=\"kc-elm kc-css-215080 kc_accordion_wrapper kc_accordion_section_v1\">\n<div class=\"kc-elm kc-css-338602 kc_accordion_section group \"><h3 class=\"kc_accordion_header ui-accordion-header\"><span class=\"ui-accordion-header-icon ui-icon\"><\/span><a href=\"#hay-algun-dia-especifico-de-llegada-y-salida\" data-prevent=\"scroll\"><i class=\"\"><\/i> \u00bfHay alg\u00fan d\u00eda espec\u00edfico de llegada y salida?<\/a><\/h3><div class=\"kc_accordion_content ui-accordion-content kc_clearfix\"><div class=\"kc-panel-body\"><div class=\"kc-elm kc-css-654312 kc_text_block\"><\/p>\n<p>En <strong>temporada alta<\/strong>, la llegada\/salida s\u00f3lo es posible el <strong>s\u00e1bado<\/strong>. En <strong>temporada baja<\/strong>,\u00a0 es posible efectuar la llegada y la salida<strong> el d\u00eda que desee excepto los domingos.<br \/><\/strong><\/p>\n<p>\n<\/div><\/div><\/div><\/div><div class=\"kc-elm kc-css-672564 kc_accordion_section group \"><h3 class=\"kc_accordion_header ui-accordion-header\"><span class=\"ui-accordion-header-icon ui-icon\"><\/span><a href=\"#como-llego-mejor-a-la-finca\" data-prevent=\"scroll\"><i class=\"\"><\/i> \u00bfC\u00f3mo llego mejor a la Finca?<\/a><\/h3><div class=\"kc_accordion_content ui-accordion-content kc_clearfix\"><div class=\"kc-panel-body\"><div class=\"kc-elm kc-css-479985 kc_text_block\"><\/p>\n<p>Recomendamos <strong>un coche de alquiler,<\/strong> ya que no se puede llegar a la finca en transporte p\u00fablico.<\/p>\n<p>Una vez que haya hecho su reserva, recibir\u00e1 un enlace con indicaciones precisas.<\/p>\n<p>\n<\/div><\/div><\/div><\/div><div class=\"kc-elm kc-css-9236 kc_accordion_section group \"><h3 class=\"kc_accordion_header ui-accordion-header\"><span class=\"ui-accordion-header-icon ui-icon\"><\/span><a href=\"#cual-es-el-horario-de-entrada-y-salida\" data-prevent=\"scroll\"><i class=\"\"><\/i> \u00bfCu\u00e1l es el horario de entrada y salida?<\/a><\/h3><div class=\"kc_accordion_content ui-accordion-content kc_clearfix\"><div class=\"kc-panel-body\"><div class=\"kc-elm kc-css-231931 kc_text_block\"><\/p>\n<p>El <em>check-in<\/em> es posible desde las<strong> 16:00\u00a0<\/strong><\/p>\n<p>La salida es necesaria entre las\u00a0<strong>7:00<\/strong>\u00a0y las\u00a0<strong>10:00<\/strong>\u00a0de la ma\u00f1ana.<\/p>\n<p>Fuera de estos horarios,\u00a0 se aplica una tarifa adicional de 50\u20ac.<\/p>\n<p>\n<\/div><\/div><\/div><\/div><div class=\"kc-elm kc-css-155676 kc_accordion_section group \"><h3 class=\"kc_accordion_header ui-accordion-header\"><span class=\"ui-accordion-header-icon ui-icon\"><\/span><a href=\"#cual-es-el-procedimiento-de-entrada-y-salida\" data-prevent=\"scroll\"><i class=\"\"><\/i> \u00bfCu\u00e1l es el procedimiento de entrada y salida?<\/a><\/h3><div class=\"kc_accordion_content ui-accordion-content kc_clearfix\"><div class=\"kc-panel-body\"><div class=\"kc-elm kc-css-391574 kc_text_block\"><\/p>\n<p>El check-in es un <strong>self check-in<\/strong> y el check-out lo realiza nuestra <strong>ama de llaves<\/strong>.<\/p>\n<p>Recibir\u00e1 informaci\u00f3n m\u00e1s detallada cuando se confirme su reserva.<\/p>\n<p>\n<\/div><\/div><\/div><\/div><\/div>\n<\/div><\/div><\/div><\/div><\/section><section id=\"Umgebung\" class=\"kc-elm kc-css-529031 kc_row\"><div class=\"kc-row-container  kc-container\"><div class=\"kc-wrap-columns\"><div class=\"kc-elm kc-css-852994 kc_col-sm-12 kc_column kc_col-sm-12\"><div class=\"kc-col-container\">\n<div class=\"element-block-heading style-center\">\n\t<div class=\"inner\">\t\n\t\t\n\t\t\t\t\t<h2 class=\"heading\">Preguntas sobre nuestra vecindad<\/h2>\n\t\t\n\t\t\t<\/div>\n<\/div>\t\t<div data-closeall=\"true\" class=\"kc-elm kc-css-391426 kc_accordion_wrapper kc_accordion_section_v1\">\n<div class=\"kc-elm kc-css-374578 kc_accordion_section group \"><h3 class=\"kc_accordion_header ui-accordion-header\"><span class=\"ui-accordion-header-icon ui-icon\"><\/span><a href=\"#donde-estan-los-restaurantes-y-supermercados-mas-cercanos\" data-prevent=\"scroll\"><i class=\"\"><\/i> \u00bfD\u00f3nde est\u00e1n los restaurantes y supermercados m\u00e1s cercanos?<\/a><\/h3><div class=\"kc_accordion_content ui-accordion-content kc_clearfix\"><div class=\"kc-panel-body\"><div class=\"kc-elm kc-css-377294 kc_text_block\"><\/p>\n<p>Los restaurantes y supermercados m\u00e1s cercanos est\u00e1n a <strong>5-10 minutos en coche<\/strong>.<\/p>\n<p>\n<\/div><\/div><\/div><\/div><div class=\"kc-elm kc-css-958612 kc_accordion_section group \"><h3 class=\"kc_accordion_header ui-accordion-header\"><span class=\"ui-accordion-header-icon ui-icon\"><\/span><a href=\"#a-que-distancia-esta-la-playa-mas-cercana\" data-prevent=\"scroll\"><i class=\"\"><\/i> \u00bfA qu\u00e9 distancia est\u00e1 la playa m\u00e1s cercana?<\/a><\/h3><div class=\"kc_accordion_content ui-accordion-content kc_clearfix\"><div class=\"kc-panel-body\"><div class=\"kc-elm kc-css-766367 kc_text_block\"><\/p>\n<p><strong>Cala Mondrag\u00f3<\/strong> est\u00e1, dependiendo la ruta que tome, a entre <strong>4 y 8 Km<\/strong> de distancia. All\u00ed encontrar\u00e1 <strong>2 playas distintas<\/strong> (Ses Font de n\u2019Al\u00eds y s\u2019Amardor) y <strong>2 restaurantes<\/strong> (Ses Font de n\u2019Al\u00eds y Cafeter\u00eda Cala Mondrag\u00f3).<\/p>\n<p>\n<\/div><\/div><\/div><\/div><div class=\"kc-elm kc-css-484490 kc_accordion_section group \"><h3 class=\"kc_accordion_header ui-accordion-header\"><span class=\"ui-accordion-header-icon ui-icon\"><\/span><a href=\"#que-pueblos-estan-cerca\" data-prevent=\"scroll\"><i class=\"\"><\/i> \u00bfQu\u00e9 pueblos est\u00e1n cerca?<\/a><\/h3><div class=\"kc_accordion_content ui-accordion-content kc_clearfix\"><div class=\"kc-panel-body\"><div class=\"kc-elm kc-css-815835 kc_text_block\"><\/p>\n<p>Estamos exactamente entre <strong>Santany\u00ed<\/strong> (3,7km) y <strong>S&#039;Alqueria Blanca<\/strong> (3,8km)<\/p>\n<p>\n<\/div><\/div><\/div><\/div><div class=\"kc-elm kc-css-236791 kc_accordion_section group \"><h3 class=\"kc_accordion_header ui-accordion-header\"><span class=\"ui-accordion-header-icon ui-icon\"><\/span><a href=\"#que-actividades-deportivas-se-pueden-realizar-en-la-zona\" data-prevent=\"scroll\"><i class=\"\"><\/i> \u00bfQu\u00e9 actividades deportivas se pueden realizar en la zona?<\/a><\/h3><div class=\"kc_accordion_content ui-accordion-content kc_clearfix\"><div class=\"kc-panel-body\"><div class=\"kc-elm kc-css-800352 kc_text_block\"><\/p>\n<p>Mallorca ofrece muchas posibilidades para los deportistas:<\/p>\n<ul>\n<li><strong>Vall d\u00d3r<\/strong> es el <strong>campo de golf<\/strong> m\u00e1s cercano y est\u00e1 a 12 km. Encontrar\u00e1 otros muchos por toda la isla.<\/li>\n<li>Puede jugar al tenis en el <strong>Robinson Club Cala Serena<\/strong>, alquilar canchas o reservar lecciones de entrenamiento.<\/li>\n<li><strong>Los buceadores<\/strong> tienen la posibilidad de conocer el mundo submarino de Mallorca en la escuela de buceo del <strong>Robinson Club Cala Serena.<\/strong><\/li>\n<li>Hay varias posibilidades para <strong>los jinetes<\/strong>:<\/li>\n<li><strong>Rancho Jaume<\/strong> en <strong>Porto Petro<\/strong>, <strong>Sa Baralla<\/strong> y <strong>caballos islandeses Finca Draumur<\/strong> al sur de <strong>Campos<\/strong>.<\/li>\n<li>Los <strong>yoguis<\/strong> son bienvenidos en el <strong>Retiro Hol\u00edstico de Cal Reiet<\/strong> en <strong>Santanyi.<\/strong><\/li>\n<li>Hay varios puntos de <strong>alquiler de bicicletas<\/strong> en la zona, si quiere explorar los alrededores as\u00ed.<\/li>\n<\/ul>\n<p>\n<\/div><\/div><\/div><\/div><\/div>\n<\/div><\/div><\/div><\/div><\/section><section id=\"Blog+version\" class=\"kc-elm kc-css-420412 kc_row\"><div class=\"kc-row-container  kc-container\"><div class=\"kc-wrap-columns\"><div class=\"kc-elm kc-css-586216 kc_col-sm-12 kc_column kc_col-sm-12\"><div class=\"kc-col-container\">\n<div class=\"element-block-heading style-center\">\n\t<div class=\"inner\">\t\n\t\t\n\t\t\t\t\t<h2 class=\"heading\">Unser Mallorca Blog<\/h2>\n\t\t\n\t\t\t<\/div>\n<\/div>\t\t<div class=\"kc-elm kc-css-195972 kc_row kc_row_inner\"><div class=\"kc-elm kc-css-736643 kc_col-sm-4 kc_column_inner kc_col-sm-4\"><div class=\"kc_wrapper kc-col-inner-container\"><div class=\"feature-box\">\n      <div class=\"fbox-img\">\n      <img src=\"https:\/\/finca-casa-mas.com\/wp-content\/uploads\/2020\/10\/Unbenannt-1-01.png\" alt=\"Anreise\"\/>\n    <\/div>\n    <div class=\"fbox-content\"> \n     \n    <div class=\"fbox-body\">                                        \n      <h4>Anreise<\/h4> \n              <small>SO KOMMEN SIE ZU UNS<\/small>  \n                          \n    <\/div>\n        <a class=\"btn btn-primary\" href=\"https:\/\/finca-casa-mas.com\/2020\/10\/18\/anreise\/\" target=\"_self\" title=\"\">read more<\/a>    \n  <\/div>      \n<\/div>\n<\/div><\/div><div class=\"kc-elm kc-css-554462 kc_col-sm-4 kc_column_inner kc_col-sm-4\"><div class=\"kc_wrapper kc-col-inner-container\"><div class=\"feature-box\">\n      <div class=\"fbox-img\">\n      <img src=\"https:\/\/finca-casa-mas.com\/wp-content\/uploads\/2020\/10\/santanyi-01.png\" alt=\"Umgebung\"\/>\n    <\/div>\n    <div class=\"fbox-content\"> \n     \n    <div class=\"fbox-body\">                                        \n      <h4>Umgebung<\/h4> \n              <small>URLAUB IN SANTANYI<\/small>  \n                          \n    <\/div>\n        <a class=\"btn btn-primary\" href=\"https:\/\/finca-casa-mas.com\/2020\/10\/18\/umgebung\/\" target=\"_self\" title=\"\">read more<\/a>    \n  <\/div>      \n<\/div>\n<\/div><\/div><div class=\"kc-elm kc-css-276791 kc_col-sm-4 kc_column_inner kc_col-sm-4\"><div class=\"kc_wrapper kc-col-inner-container\"><div class=\"feature-box\">\n      <div class=\"fbox-img\">\n      <img src=\"https:\/\/finca-casa-mas.com\/wp-content\/uploads\/2020\/10\/geschichte-01.png\" alt=\"Entstehung\"\/>\n    <\/div>\n    <div class=\"fbox-content\"> \n     \n    <div class=\"fbox-body\">                                        \n      <h4>Entstehung<\/h4> \n              <small>UNSERE GESCHICHTE<\/small>  \n                          \n    <\/div>\n        <a class=\"btn btn-primary\" href=\"https:\/\/finca-casa-mas.com\/2020\/10\/18\/unsere-geschichte\/\" target=\"_self\" title=\"caption\">read more<\/a>    \n  <\/div>      \n<\/div>\n<\/div><\/div><\/div><\/div><\/div><\/div><\/div><\/section><\/p>\n","protected":false},"excerpt":{"rendered":"","protected":false},"author":1,"featured_media":0,"parent":0,"menu_order":0,"comment_status":"closed","ping_status":"closed","template":"","meta":[],"yoast_head":"<!-- This site is optimized with the Yoast SEO plugin v15.8 - https:\/\/yoast.com\/wordpress\/plugins\/seo\/ -->\n<title>Preguntas frecuentes &middot; Finca Casa Mas<\/title>\n<meta name=\"robots\" content=\"index, follow, max-snippet:-1, max-image-preview:large, max-video-preview:-1\" \/>\n<link rel=\"canonical\" href=\"https:\/\/finca-casa-mas.com\/es\/faq\/\" \/>\n<meta property=\"og:locale\" content=\"es_ES\" \/>\n<meta property=\"og:type\" content=\"article\" \/>\n<meta property=\"og:title\" content=\"Preguntas frecuentes &middot; Finca Casa Mas\" \/>\n<meta property=\"og:description\" content=\"Aqu\u00ed encontrar\u00e1 las respuestas a las preguntas m\u00e1s frecuentes. Si todav\u00eda tiene preguntas sin responder, por favor, \u00a1no dude en ponerse en contacto con nosotros en cualquier momento! Preguntas generales \u00bfCu\u00e1l es la ocup\u00e1cion m\u00e1xima de la finca? Todas las habitaciones tienen camas de matrimonio, con una capacidad m\u00e1xima para\u00a08 personas\u00a0en toda la finca. Los &hellip; Continue reading Preguntas frecuentes &rarr;\" \/>\n<meta property=\"og:url\" content=\"https:\/\/finca-casa-mas.com\/es\/faq\/\" \/>\n<meta property=\"og:site_name\" content=\"Finca Casa Mas\" \/>\n<meta property=\"article:publisher\" content=\"https:\/\/www.facebook.com\/Finca-Casa-Mas-382070421952792\/\" \/>\n<meta property=\"article:modified_time\" content=\"2025-12-01T09:02:52+00:00\" \/>\n<meta property=\"og:image\" content=\"https:\/\/finca-casa-mas.com\/wp-content\/uploads\/2025\/12\/image003-2.png\" \/>\n<meta name=\"twitter:card\" content=\"summary_large_image\" \/>\n<meta name=\"twitter:label1\" content=\"Tiempo de lectura\">\n\t<meta name=\"twitter:data1\" content=\"5 minutos\">\n<script type=\"application\/ld+json\" class=\"yoast-schema-graph\">{\"@context\":\"https:\/\/schema.org\",\"@graph\":[{\"@type\":\"Organization\",\"@id\":\"https:\/\/finca-casa-mas.com\/#organization\",\"name\":\"Finca Casa Mas\",\"url\":\"https:\/\/finca-casa-mas.com\/\",\"sameAs\":[\"https:\/\/www.facebook.com\/Finca-Casa-Mas-382070421952792\/\",\"https:\/\/www.instagram.com\/finca_casa_mas\/?hl=de\",\"https:\/\/www.youtube.com\/channel\/UC66cgDDL-6PukWMMe9bpwGg\"],\"logo\":{\"@type\":\"ImageObject\",\"@id\":\"https:\/\/finca-casa-mas.com\/#logo\",\"inLanguage\":\"es\",\"url\":\"https:\/\/finca-casa-mas.com\/wp-content\/uploads\/2020\/11\/logo-Casa-Mas-blk_dark-1.png\",\"width\":1417,\"height\":591,\"caption\":\"Finca Casa Mas\"},\"image\":{\"@id\":\"https:\/\/finca-casa-mas.com\/#logo\"}},{\"@type\":\"WebSite\",\"@id\":\"https:\/\/finca-casa-mas.com\/#website\",\"url\":\"https:\/\/finca-casa-mas.com\/\",\"name\":\"Finca Casa Mas\",\"description\":\"Santanyi\",\"publisher\":{\"@id\":\"https:\/\/finca-casa-mas.com\/#organization\"},\"potentialAction\":[{\"@type\":\"SearchAction\",\"target\":\"https:\/\/finca-casa-mas.com\/?s={search_term_string}\",\"query-input\":\"required name=search_term_string\"}],\"inLanguage\":\"es\"},{\"@type\":\"ImageObject\",\"@id\":\"https:\/\/finca-casa-mas.com\/es\/faq\/#primaryimage\",\"inLanguage\":\"es\",\"url\":\"https:\/\/finca-casa-mas.com\/wp-content\/uploads\/2025\/12\/image003-2.png\",\"width\":760,\"height\":111},{\"@type\":\"WebPage\",\"@id\":\"https:\/\/finca-casa-mas.com\/es\/faq\/#webpage\",\"url\":\"https:\/\/finca-casa-mas.com\/es\/faq\/\",\"name\":\"Preguntas frecuentes &middot; Finca Casa Mas\",\"isPartOf\":{\"@id\":\"https:\/\/finca-casa-mas.com\/#website\"},\"primaryImageOfPage\":{\"@id\":\"https:\/\/finca-casa-mas.com\/es\/faq\/#primaryimage\"},\"datePublished\":\"2021-01-11T04:30:18+00:00\",\"dateModified\":\"2025-12-01T09:02:52+00:00\",\"breadcrumb\":{\"@id\":\"https:\/\/finca-casa-mas.com\/es\/faq\/#breadcrumb\"},\"inLanguage\":\"es\",\"potentialAction\":[{\"@type\":\"ReadAction\",\"target\":[\"https:\/\/finca-casa-mas.com\/es\/faq\/\"]}]},{\"@type\":\"BreadcrumbList\",\"@id\":\"https:\/\/finca-casa-mas.com\/es\/faq\/#breadcrumb\",\"itemListElement\":[{\"@type\":\"ListItem\",\"position\":1,\"item\":{\"@type\":\"WebPage\",\"@id\":\"https:\/\/finca-casa-mas.com\/es\/\",\"url\":\"https:\/\/finca-casa-mas.com\/es\/\",\"name\":\"Startseite\"}},{\"@type\":\"ListItem\",\"position\":2,\"item\":{\"@type\":\"WebPage\",\"@id\":\"https:\/\/finca-casa-mas.com\/es\/faq\/\",\"url\":\"https:\/\/finca-casa-mas.com\/es\/faq\/\",\"name\":\"Preguntas frecuentes\"}}]}]}<\/script>\n<!-- \/ Yoast SEO plugin. -->","_links":{"self":[{"href":"https:\/\/finca-casa-mas.com\/es\/wp-json\/wp\/v2\/pages\/18389\/"}],"collection":[{"href":"https:\/\/finca-casa-mas.com\/es\/wp-json\/wp\/v2\/pages\/"}],"about":[{"href":"https:\/\/finca-casa-mas.com\/es\/wp-json\/wp\/v2\/types\/page\/"}],"author":[{"embeddable":true,"href":"https:\/\/finca-casa-mas.com\/es\/wp-json\/wp\/v2\/users\/1\/"}],"replies":[{"embeddable":true,"href":"https:\/\/finca-casa-mas.com\/es\/wp-json\/wp\/v2\/comments\/?post=18389"}],"version-history":[{"count":14,"href":"https:\/\/finca-casa-mas.com\/es\/wp-json\/wp\/v2\/pages\/18389\/revisions\/"}],"predecessor-version":[{"id":19702,"href":"https:\/\/finca-casa-mas.com\/es\/wp-json\/wp\/v2\/pages\/18389\/revisions\/19702\/"}],"wp:attachment":[{"href":"https:\/\/finca-casa-mas.com\/es\/wp-json\/wp\/v2\/media\/?parent=18389"}],"curies":[{"name":"wp","href":"https:\/\/api.w.org\/{rel}","templated":true}]}}